{"id":37,"date":"2017-03-03T21:02:38","date_gmt":"2017-03-03T21:02:38","guid":{"rendered":"http:\/\/colibaverde.ro\/kucko\/?page_id=37"},"modified":"2019-11-22T12:40:45","modified_gmt":"2019-11-22T12:40:45","slug":"onellatas","status":"publish","type":"page","link":"https:\/\/colibaverde.ro\/kucko\/onellatas\/","title":{"rendered":"\u00d6nell\u00e1t\u00e1s"},"content":{"rendered":"\n<p class=\"has-text-align-right\"> <em>\u201cKi kell t\u00f6r\u00f6lni a tudatunkb\u00f3l azt a megt\u00e9veszt\u0151 elk\u00e9pzel\u00e9st, hogy mindenkinek munkahelyre van sz\u00fcks\u00e9ge. Napjainkban t\u00e9nyk\u00e9nt kell kezelni, hogy t\u00edzezerb\u0151l egy ember k\u00e9pes olyan technol\u00f3giai \u00e1tt\u00f6r\u00e9st el\u00e9rni, mely jelent\u0151s hat\u00e1ssal van a t\u00f6bbi emberre is. A mai fiataloknak teljesen igaza van abban, amikor arr\u00f3l besz\u00e9lnek, hogy a keny\u00e9rkereset jelenlegi form\u00e1ja teljesen abszurd. M\u00e9g mindig \u00faj \u00e9s \u00fajabb munkahelyeket teremt\u00fcnk, mert az a hamis elk\u00e9pzel\u00e9s \u00e9l benn\u00fcnk, hogy mindenkit foglalkoztatni kell, legal\u00e1bb az\u00e9rt, hogy jogot tartson a l\u00e9tez\u00e9s\u00e9re. Ez\u00e9rt vannak a felettesek \u00e9s azok felettesei, akik olyan embereket ir\u00e1ny\u00edtanak, akiknek sz\u00fcks\u00e9g\u00fck van arra, hogy megmondj\u00e1k, mit tegyenek. Az igazi v\u00e1llalkoz\u00e1s az lenne, ha visszamenn\u00e9nk az iskol\u00e1ba \u00e9s elgondolkodn\u00e1nk azon, miv\u00e9 szerett\u00fcnk volna v\u00e1lni, miel\u0151tt bej\u00f6tt volna valaki, hogy elmondja: mindenkinek munkahelyre van sz\u00fcks\u00e9ge.\u201d<\/em>\u00a0<em>(Buckminster Fuller)<\/em> <\/p>\n\n\n\n<h4 class=\"wp-block-heading\">Kevesebb csekk, t\u00f6bb szabads\u00e1g.<\/h4>\n\n\n\n<p>Min\u00e9l kevesebb a csekk, ann\u00e1l kev\u00e9sb\u00e9 kell az \u00e9let\u00fcnket a legnagyobb kiad\u00e1sokhoz igaz\u00edtani.&nbsp;&nbsp;<strong>Ha nincsenek magas rezsik, akkor nincs k\u00e9nyszer a magas bev\u00e9telre, nyugodtabb az \u00e9let<\/strong>, laz\u00e1bb a munkv\u00e1laszt\u00e1s is.<br>A h\u00e1ztart\u00e1s k\u00e9szp\u00e9nz ig\u00e9nye jelent\u0151sen cs\u00f6kken, ez\u00e9rt cs\u00f6kken a f\u00fcgg\u0151s\u00e9ged a f\u0151n\u00f6k\u00f6dt\u0151l, a politik\u00e1t\u00f3l, a gazdas\u00e1gi helyzett\u0151l.<br><strong>Mell\u00e9khat\u00e1sk\u00e9nt pedig eg\u00e9szs\u00e9gesebb lehetsz lelkileg is \u00e9s testileg is.<\/strong><\/p>\n\n\n\n<p>Az \u00f6nm\u0171k\u00f6d\u0151 \u00f6nel\u00e1t\u00e1s nem azt jelenti, hogy minden teljesen automatiz\u00e1lt. De azt igen, hogy&nbsp;<strong>\u00fagy val\u00f3sulhatnak meg a fenti c\u00e9lok, hogy nem v\u00e1lnak robott\u00e1 a mindennapok.<\/strong><br>Ha az \u00e9lelmiszer\u00f6nell\u00e1t\u00e1st is sz\u00edvesen v\u00e1lasztod, akkor&nbsp;<strong>megismerheted az \u00e1s\u00e1s, kap\u00e1l\u00e1s, permetez\u00e9s n\u00e9lk\u00fcli kert\u00e9szked\u00e9st \u00e9a a t\u00e9li friss z\u00f6lds\u00e9gtermeszt\u00e9s \u00f6nm\u0171k\u00f6d\u0151 lehet\u0151s\u00e9g\u00e9t.<\/strong><\/p>\n\n\n\n<p><strong>A c\u00e9l az, hogy, k\u00e9nyelmesen \u00e9lj\u00fcnk, anyagi biztons\u00e1gban \u00e9s eg\u00e9szs\u00e9gesen.&nbsp;<\/strong>Ez j\u00f3 hat\u00e1ssal van a lelk\u00fcnkre \u00e9s a gondolkod\u00e1sm\u00f3dunkra is, ami azt\u00e1n kihat a k\u00f6rnyezet\u00fcnkre is.<br>A legfontosabb ter\u00fcletek, amik ezt az \u00f6nfentart\u00e1ssal megalapozz\u00e1k: lakhat\u00e1s, rezsics\u00f6kkent\u00e9s, energiaell\u00e1t\u00e1s, szigetelts\u00e9g, jelent\u0151sen cs\u00f6kkentett munkaig\u00e9ny\u0171 \u00e9lelmiszertermel\u00e9s, gy\u00f3gyszer \u00e9s orvosf\u00fcgg\u0151s\u00e9g cs\u00f6kkent\u00e9se, az \u00e9teleink \u00e9s elk\u00e9sz\u00edt\u00e9s\u00fck, a vegyszermentes h\u00e1ztart\u00e1s, k\u00f6lts\u00e9gcs\u00f6kkent\u0151 t\u00e9telek, szeml\u00e9letm\u00f3d<\/p>\n\n\n\n<div class=\"wp-block-image\"><figure class=\"alignleft size-large is-resized\"><img loading=\"lazy\" decoding=\"async\" src=\"http:\/\/colibaverde.ro\/kucko\/wp-content\/uploads\/sites\/2\/2019\/11\/off-grid.jpg\" alt=\"\" class=\"wp-image-253\" width=\"329\" height=\"219\" srcset=\"https:\/\/colibaverde.ro\/kucko\/wp-content\/uploads\/sites\/2\/2019\/11\/off-grid.jpg 768w, https:\/\/colibaverde.ro\/kucko\/wp-content\/uploads\/sites\/2\/2019\/11\/off-grid-300x200.jpg 300w, https:\/\/colibaverde.ro\/kucko\/wp-content\/uploads\/sites\/2\/2019\/11\/off-grid-640x427.jpg 640w\" sizes=\"auto, (max-width: 329px) 100vw, 329px\" \/><\/figure><\/div>\n\n\n\n<h4 class=\"wp-block-heading\">Neked m\u00e9g lesz nyugd\u00edjad ?&nbsp;<\/h4>\n\n\n\n<p class=\"has-text-align-center\">A nyugd\u00edjrendszer Eur\u00f3pa szerte s\u00falyos gondokkal k\u00fczd. A nyugd\u00edj &#8222;j\u00e1r, de nem jut&#8221;. A nyugd\u00edjas \u00e9vekben az alacsony rezsire \u00e9s az eg\u00e9szs\u00e9gre fokozottan sz\u00fcks\u00e9g lesz.<br><strong>Kezdd el fokozatosan ki\u00e9p\u00edteni a saj\u00e1t \u00f6nell\u00e1t\u00e1sod, vagyis egy bizonyos m\u00e9rt\u00e9k\u0171 anyagi f\u00fcggetlens\u00e9get<\/strong>. Seg\u00edt a technika, \u00e9s m\u00e1s m\u00f3dszerek is. Ezt eg\u00e9sz\u00edti ki lehet\u0151s\u00e9gk\u00e9nt a rendszeres nyugd\u00edjaskori elfoglalts\u00e1g, ami a maihoz k\u00e9pest egy sokkal k\u00f6nnyedebb kert\u00e9szked\u00e9st jelent.\u00a0Automatiz\u00e1lt, vagy a minim\u00e1l munkaig\u00e9nyre ki\u00e9lezett\u00a0 energia \u00e9s \u00e9lelmiszerel\u0151\u00e1ll\u00edt\u00e1sra t\u00f6reksz\u00fcnk.<br><strong>Az eg\u00e9szs\u00e9ges \u00e9trend mellett\u00a0 kevesebbet kell k\u00f6ltenni gy\u00f3gyszerre, orvosra is.<\/strong>\u00a0Az \u00f6ngondoskod\u00e1snak ez is egy form\u00e1ja.\u00a0 Az alacsony nyugd\u00edj \u00edgy ak\u00e1r nem is nyomaszt\u00f3. S\u0151t nagy az ellent\u00e9t, a betegs\u00e9gben, kiszolg\u00e1ltatotts\u00e1gban t\u00f6lt\u00f6tt \u00e9vek \u00e9s az eg\u00e9szs\u00e9ges, testileg, szellemileg is akt\u00edv, nyugodt \u00e9letm\u00f3d k\u00f6z\u00f6tt. <\/p>\n\n\n\n<p><strong>M\u00e9rt t\u00f6rekedjek \u00f6nell\u00e1t\u00e1sra, mikor boltban mindent megvehetek?<\/strong><\/p>\n\n\n\n<p class=\"has-text-align-center\">B\u00e1r fogyaszt\u00f3i t\u00e1rsadalomnak \u00e9ppen az a l\u00e9nyege, hogy megszabaduljunk ezekt\u0151l a \u201eny\u0171g\u00f6kt\u0151l\u201d, m\u00e9gis fel kell ismerni, hogy nem m\u0171k\u00f6dik j\u00f3l ez a rendszer, mert amit a gy\u00e1rak, \u00fczemek, termel\u0151k m\u00e1soknak \u00e1ll\u00edtanak el\u0151, szinte sosem lesznek eg\u00e9szs\u00e9gesek, mert mindenki szeme el\u0151tt a haszon, a nyeres\u00e9g lebeg, a min\u0151s\u00e9g kev\u00e9sb\u00e9 sz\u00e1m\u00edt. Igaz\u00e1n min\u0151s\u00e9gi dolgot az ember mag\u00e1nak tud el\u0151\u00e1ll\u00edtani, term\u00e9szetesen akkor, ha \u00e9rt az adott t\u00e9m\u00e1hoz. Pr\u00f3b\u00e1ljuk ki, l\u00e1ssuk el magunkat min\u00e9l t\u00f6bb mindennel, alak\u00edtsuk \u00fagy az \u00e9let\u00fcnket, hogy alig kelljen boltba j\u00e1rnunk.<\/p>\n<!-- AddThis Advanced Settings generic via filter on the_content --><!-- AddThis Share Buttons generic via filter on the_content -->","protected":false},"excerpt":{"rendered":"<p>\u201cKi kell t\u00f6r\u00f6lni a tudatunkb\u00f3l azt a megt\u00e9veszt\u0151 elk\u00e9pzel\u00e9st, hogy mindenkinek munkahelyre van sz\u00fcks\u00e9ge. Napjainkban t\u00e9nyk\u00e9nt kell kezelni, hogy t\u00edzezerb\u0151l egy ember k\u00e9pes olyan technol\u00f3giai \u00e1tt\u00f6r\u00e9st el\u00e9rni, mely jelent\u0151s hat\u00e1ssal van a t\u00f6bbi emberre is. A mai fiataloknak teljesen igaza van abban, amikor arr\u00f3l besz\u00e9lnek, hogy a keny\u00e9rkereset jelenlegi form\u00e1ja teljesen abszurd. M\u00e9g mindig \u00faj \u00e9s \u00fajabb munkahelyeket teremt\u00fcnk, mert<\/p>\n<p><a class=\"more-link\" href=\"https:\/\/colibaverde.ro\/kucko\/onellatas\/\">Read More<\/a><!-- AddThis Advanced Settings generic via filter on get_the_excerpt --><!-- AddThis Share Buttons generic via filter on get_the_excerpt --><\/p>\n","protected":false},"author":1,"featured_media":253,"parent":0,"menu_order":9,"comment_status":"closed","ping_status":"closed","template":"","meta":{"ngg_post_thumbnail":0,"footnotes":""},"class_list":["post-37","page","type-page","status-publish","has-post-thumbnail","hentry"],"jetpack_sharing_enabled":true,"_links":{"self":[{"href":"https:\/\/colibaverde.ro\/kucko\/wp-json\/wp\/v2\/pages\/37","targetHints":{"allow":["GET"]}}],"collection":[{"href":"https:\/\/colibaverde.ro\/kucko\/wp-json\/wp\/v2\/pages"}],"about":[{"href":"https:\/\/colibaverde.ro\/kucko\/wp-json\/wp\/v2\/types\/page"}],"author":[{"embeddable":true,"href":"https:\/\/colibaverde.ro\/kucko\/wp-json\/wp\/v2\/users\/1"}],"replies":[{"embeddable":true,"href":"https:\/\/colibaverde.ro\/kucko\/wp-json\/wp\/v2\/comments?post=37"}],"version-history":[{"count":4,"href":"https:\/\/colibaverde.ro\/kucko\/wp-json\/wp\/v2\/pages\/37\/revisions"}],"predecessor-version":[{"id":254,"href":"https:\/\/colibaverde.ro\/kucko\/wp-json\/wp\/v2\/pages\/37\/revisions\/254"}],"wp:featuredmedia":[{"embeddable":true,"href":"https:\/\/colibaverde.ro\/kucko\/wp-json\/wp\/v2\/media\/253"}],"wp:attachment":[{"href":"https:\/\/colibaverde.ro\/kucko\/wp-json\/wp\/v2\/media?parent=37"}],"curies":[{"name":"wp","href":"https:\/\/api.w.org\/{rel}","templated":true}]}}