{"id":25,"date":"2017-03-03T20:59:27","date_gmt":"2017-03-03T20:59:27","guid":{"rendered":"http:\/\/colibaverde.ro\/kucko\/?page_id=25"},"modified":"2019-11-22T17:36:20","modified_gmt":"2019-11-22T17:36:20","slug":"kornyezetkimelo-epitkezes","status":"publish","type":"page","link":"https:\/\/colibaverde.ro\/kucko\/kornyezetkimelo-epitkezes\/","title":{"rendered":"K\u00f6rnyezetk\u00edm\u00e9l\u0151 \u00e9p\u00edtkez\u00e9s"},"content":{"rendered":"\n<p class=\"has-text-align-right\"><em>Szeretn\u00e9m ha el tudn\u00e1tok k\u00e9pzelni azt, hogy mit jelent sz\u00e1momra a k\u00f6rnyezetk\u00edm\u00e9l\u0151 \u00e9p\u00edtkez\u00e9s ha azt mondom, hogy megv\u00e1ltoztatta az \u00e9letemet, \u00e9let\u00fcnket! Sz\u00e1momra &#8211; kisebb, nagyobb t\u00falz\u00e1ssal &#8211; mag\u00e1t az \u00e9letet jelenti.<\/em> <em>R\u00e9szletezem, hogy mi\u00e9rt \u00e9s rem\u00e9lem hasznos lesz sz\u00e1modra is<\/em>.<\/p>\n\n\n\n<p class=\"has-text-align-center\">V\u00e1rosban \u00e9lve, (akkor m\u00e9g csak) k\u00e9t gyerekkel, mindenre p\u00e9nz kellett. Mindenre. \u00c9s b\u00e1rmennyi munk\u00e1t v\u00e1llaltam, sosem volt el\u00e9g. Ok. Bel\u00e1tom, a gond ott volt benn\u00fcnk is. Hisz fogyaszt\u00f3knak neveltek. Akkor azt hitt\u00fck mindent meg kell venn\u00fcnk.  Alb\u00e9rletben \u00e9lt\u00fcnk, nehezen fizett\u00fck. S\u0151t, el is maradtunk. Majdnem ki is raktak. Ilyen k\u00f6r\u00fclm\u00e9nyek k\u00f6z\u00f6tt, hogyan is rem\u00e9lhet, \u00e1lmodhat egy csal\u00e1d egy saj\u00e1t h\u00e1zat? Hogyan!?  M\u00e9g \u00fagy sem, hogy \u00e9p\u00edt\u0151iparban dolgoztam m\u00e1r legal\u00e1bb 10 \u00e9ve. Nnna&#8230;de most m\u00e1r, besz\u00e9lj\u00fcnk az \u201e\u00d6ko\u201d h\u00e1zakr\u00f3l! <\/p>\n\n\n\n<h4 class=\"has-text-align-right wp-block-heading\"><em><a href=\"http:\/\/colibaverde.ro\/kucko\/2018\/09\/02\/almodd-tervezd-epitsd-sajat-kuckod-tippek-egy-olcso-haz-epitesehez\/\" target=\"_blank\" rel=\"noreferrer noopener\" aria-label=\"Tippek egy olcs\u00f3, eg\u00e9szs\u00e9ges, energiatakar\u00e9kos \u00e9s nem utols\u00f3 sorban, zsebbar\u00e1t h\u00e1z meg\u00e9p\u00edt\u00e9s\u00e9hez (opens in a new tab)\">Tippek egy olcs\u00f3, eg\u00e9szs\u00e9ges, energiatakar\u00e9kos \u00e9s nem utols\u00f3 sorban, zsebbar\u00e1t h\u00e1z meg\u00e9p\u00edt\u00e9s\u00e9hez<\/a><\/em><\/h4>\n\n\n\n<p class=\"has-text-align-center\">Amikor -v\u00e9letlen\u00fcl vagy nem &#8211; el\u0151sz\u00f6r ezzel a fogalommal tal\u00e1lkoztam, egy \u00f3ri\u00e1si lehet\u0151s\u00e9get l\u00e1ttam egy j\u00f6vedelmez\u0151 \u00fczlethez. \u00cdgy gondoltam \u00e9n. Ez r\u00f6gt\u00f6n megv\u00e1ltozott akkor, amikor Rom\u00e1ni\u00e1ban az els\u0151 szalmab\u00e1la h\u00e1zat kellett meg\u00e9p\u00edtsem az akkori csapatommal. Ott r\u00e1j\u00f6ttem, hogy nem csak maximum  egy \u00e1lom az, hogy saj\u00e1t h\u00e1zam legyen, hanem val\u00f3s\u00e1g is lehet. Mi\u00e9rt? A dolog egyszer\u0171 : csak a fogyaszt\u00f3i t\u00e1rsadalomban gondoljuk azt, hogy h\u00e1zat (vagy az ehhez sz\u00fcks\u00e9ges anyagot) csakis p\u00e9nz\u00e9rt lehet megvenni. J\u00f3, r\u00e9szben igaz. A modern tehnol\u00f3gi\u00e1nak k\u00f6sz\u00f6nhet\u0151en, vannak bizonyos elemei a h\u00e1znak amit meg kell v\u00e1s\u00e1rolni. Ilyen lehet p\u00e9ld\u00e1ul egy szigetelt ablak is (termopan). De nem mindegy, hogy 5000 euro vagy 50000 eur\u00f3. <\/p>\n\n\n\n<div class=\"wp-block-image\"><figure class=\"aligncenter size-large is-resized\"><a href=\"http:\/\/colibaverde.ro\/kucko\/wp-content\/uploads\/sites\/2\/2019\/11\/coliba-verde.jpg\"><img loading=\"lazy\" decoding=\"async\" src=\"http:\/\/colibaverde.ro\/kucko\/wp-content\/uploads\/sites\/2\/2019\/11\/coliba-verde.jpg\" alt=\"\" class=\"wp-image-224\" width=\"574\" height=\"323\" srcset=\"https:\/\/colibaverde.ro\/kucko\/wp-content\/uploads\/sites\/2\/2019\/11\/coliba-verde.jpg 960w, https:\/\/colibaverde.ro\/kucko\/wp-content\/uploads\/sites\/2\/2019\/11\/coliba-verde-300x169.jpg 300w, https:\/\/colibaverde.ro\/kucko\/wp-content\/uploads\/sites\/2\/2019\/11\/coliba-verde-768x434.jpg 768w, https:\/\/colibaverde.ro\/kucko\/wp-content\/uploads\/sites\/2\/2019\/11\/coliba-verde-640x361.jpg 640w, https:\/\/colibaverde.ro\/kucko\/wp-content\/uploads\/sites\/2\/2019\/11\/coliba-verde-800x452.jpg 800w\" sizes=\"auto, (max-width: 574px) 100vw, 574px\" \/><\/a><figcaption>Ha valamikor csak \u00e1lmodtunk saj\u00e1t h\u00e1zunkr\u00f3l, most m\u00e1r van 2 kisebb, elkezdt\u00fck a \u201enagy\u201d h\u00e1zat \u00e9s tervben vannak egy\u00e9b kisebb kuck\u00f3k<\/figcaption><\/figure><\/div>\n\n\n\n<p class=\"has-text-align-center\">V\u00e9g\u00fcl is, ha belegondolunk, kiv\u00e9ve az ut\u00f3bbi 100 \u00e9vet (de lehet, hogy m\u00e9g kevesebb is), az emberis\u00e9g mindig \u201e\u00f6ko\u201d h\u00e1zakat \u00e9p\u00edtett! Teh\u00e1t nem egy modern tal\u00e1lm\u00e1nyr\u00f3l besz\u00e9l\u00fcnk. Az \u00f6seink h\u00e1za\u00edr\u00f3l besz\u00e9l\u00fcnk csak most, a mai ig\u00e9nye\u00ednkhez szabjuk. Mindig abb\u00f3l \u00e9p\u00edtett az ember ami csak \u00e9pp a k\u00f6rnyezet\u00e9ben volt : k\u0151, fa, f\u00f6ld, v\u00e1lyog, v\u00edz, n\u00e1d, szalma, stb. Amint eml\u00edtettem, most m\u00e1r hozz\u00e1adhatunk egy szigetelt ablakot vagy ajt\u00f3t, egy megfelel\u0151 h\u0151szigetel\u00e9st a tet\u0151re p\u00e9ld\u00e1ul (\u00e1ltal\u00e1ban, f\u0151leg Erd\u00e9lyben ez hi\u00e1nyzott a h\u00e1zakr\u00f3l), stb. Mondhatom, \u00edgy lesz a \u201ehagyom\u00e1nyos\u201d h\u00e1zakb\u00f3l, \u201e\u00f6koh\u00e1z\u201d. Persze, most m\u00e1r vannak kutat\u00e1sok, fejleszt\u00e9sek, eredm\u00e9nyek \u00e9s megold\u00e1sok a modern, \u00f6koh\u00e1z \u00e9p\u00edt\u00e9s\u00e9hez is (a \u201ej\u00f3 min\u0151s\u00e9gre\u201d h\u00edvatkozva) csak ezek nagyon dr\u00e1g\u00e1k&#8230;.ugye, ha BIO, h\u00e1t akkor fizess. <\/p>\n\n\n\n<p class=\"has-text-align-center\">Sz\u00f3val, a l\u00e9nyeg a l\u00e9nyegben az az, hogy igenis, lehet, 100%-ban vannak megold\u00e1sok EG\u00c9SZS\u00c9GES, K\u00d6RNYEZETK\u00cdM\u00c9L\u0150, ENERGIATAKAR\u00c9KOS \u00e9s nem utols\u00f3 sorban ZSEBBAR\u00c1T(!) h\u00e1zat \u00e9p\u00edteni. K\u00fcl\u00f6nb\u00f6z\u0151 felt\u00e9telek vannak ennek a megval\u00f3s\u00edt\u00e1s\u00e1hoz de mind teljes\u00edthet\u0151ek. <\/p>\n\n\n\n<p class=\"has-text-align-center\">Visszat\u00e9rve a saj\u00e1t helyzet\u00fcnkh\u00f6z, miut\u00e1n elkezdtem ezen a t\u00e9ren tev\u00e9kenykedni, falura k\u00f6lt\u00f6zt\u00fcnk. Kezdetben ugyancsak alb\u00e9rletbe, azt\u00e1n egy elhanyagolt tany\u00e1t v\u00e1s\u00e1roltunk k\u00e9t falu k\u00f6z\u00f6tt, az erd\u0151ben. Nem, nem volt p\u00e9nz\u00fcnk, csak ad\u00f3ss\u00e1gunk. Siker\u00fclt h\u00e1rom, hossz\u00fa lej\u00e1rat\u00fa r\u00e9szletben megvenni. Szalmab\u00e1la h\u00e1z, v\u00e1lyogh\u00e1z, hagyom\u00e1nyos sz\u00e9kely h\u00e1z voltak akkor az opci\u00f3ink de a t\u00f6bb \u00e9ves tapasztalatb\u00f3l ihlet\u0151dve, arra a d\u00f6nt\u00e9sre juttotunk, hogy &#8211; legal\u00e1bbis sz\u00e1munkra &#8211; a legjobb, a legk\u00e9zenfekv\u0151bb megold\u00e1s a DOMBH\u00c1Z lesz&#8230;.amit, 2019 \u0151sz\u00e9n el is kezdt\u00fcnk!<\/p>\n\n\n\n<p class=\"has-text-align-center\">Mivel mindig mondom \u00e9s ism\u00e9tlem, hogy a k\u00f6rnyezetk\u00edm\u00e9l\u0151 \u00e9p\u00edtkez\u00e9ssel val\u00f3 tal\u00e1lkoz\u00e1som j\u00f3ra ford\u00edtotta az \u00e9let\u00fcnket, most m\u00e1r, azzal a c\u00e9llal, rem\u00e9nnyel, hogy m\u00e1snak is seg\u00edthetek, \u00f6sszegy\u00fclt tapasztalatomat sz\u00edvesen \u00e1tadom. Teszem itthon, l\u00e1t\u00f3gat\u00f3imnak, \u00f6nk\u00e9nteseknek, blogjaimon (<strong><em><a rel=\"noreferrer noopener\" aria-label=\"egyel\u0151re a rom\u00e1nul \u00edrt blogon rengeteg inf\u00f3 (opens in a new tab)\" href=\"http:\/\/colibaverde.ro\/blog\/category\/case-naturale\/\" target=\"_blank\">egyel\u0151re a rom\u00e1nul \u00edrt blogon rengeteg inf\u00f3<\/a><\/em><\/strong>), workshopokon, el\u0151ad\u00e1sokon vagy a <strong><em><a rel=\"noreferrer noopener\" aria-label=\"tan\u00e1csad\u00f3 tev\u00e9kenys\u00e9gem (opens in a new tab)\" href=\"http:\/\/colibaverde.ro\/constructii-ecologice\/consultanta-case-ecologice\/\" target=\"_blank\">tan\u00e1csad\u00f3 tev\u00e9kenys\u00e9gem<\/a><\/em><\/strong> keret\u00e9n bel\u00fcl. <\/p>\n<!-- AddThis Advanced Settings generic via filter on the_content --><!-- AddThis Share Buttons generic via filter on the_content -->","protected":false},"excerpt":{"rendered":"<p>Szeretn\u00e9m ha el tudn\u00e1tok k\u00e9pzelni azt, hogy mit jelent sz\u00e1momra a k\u00f6rnyezetk\u00edm\u00e9l\u0151 \u00e9p\u00edtkez\u00e9s ha azt mondom, hogy megv\u00e1ltoztatta az \u00e9letemet, \u00e9let\u00fcnket! Sz\u00e1momra &#8211; kisebb, nagyobb t\u00falz\u00e1ssal &#8211; mag\u00e1t az \u00e9letet jelenti. R\u00e9szletezem, hogy mi\u00e9rt \u00e9s rem\u00e9lem hasznos lesz sz\u00e1modra is. V\u00e1rosban \u00e9lve, (akkor m\u00e9g csak) k\u00e9t gyerekkel, mindenre p\u00e9nz kellett. Mindenre. \u00c9s b\u00e1rmennyi munk\u00e1t v\u00e1llaltam, sosem volt el\u00e9g. Ok. Bel\u00e1tom,<\/p>\n<p><a class=\"more-link\" href=\"https:\/\/colibaverde.ro\/kucko\/kornyezetkimelo-epitkezes\/\">Read More<\/a><!-- AddThis Advanced Settings generic via filter on get_the_excerpt --><!-- AddThis Share Buttons generic via filter on get_the_excerpt --><\/p>\n","protected":false},"author":1,"featured_media":224,"parent":0,"menu_order":5,"comment_status":"open","ping_status":"closed","template":"","meta":{"ngg_post_thumbnail":0,"footnotes":""},"class_list":["post-25","page","type-page","status-publish","has-post-thumbnail","hentry"],"jetpack_sharing_enabled":true,"_links":{"self":[{"href":"https:\/\/colibaverde.ro\/kucko\/wp-json\/wp\/v2\/pages\/25","targetHints":{"allow":["GET"]}}],"collection":[{"href":"https:\/\/colibaverde.ro\/kucko\/wp-json\/wp\/v2\/pages"}],"about":[{"href":"https:\/\/colibaverde.ro\/kucko\/wp-json\/wp\/v2\/types\/page"}],"author":[{"embeddable":true,"href":"https:\/\/colibaverde.ro\/kucko\/wp-json\/wp\/v2\/users\/1"}],"replies":[{"embeddable":true,"href":"https:\/\/colibaverde.ro\/kucko\/wp-json\/wp\/v2\/comments?post=25"}],"version-history":[{"count":7,"href":"https:\/\/colibaverde.ro\/kucko\/wp-json\/wp\/v2\/pages\/25\/revisions"}],"predecessor-version":[{"id":262,"href":"https:\/\/colibaverde.ro\/kucko\/wp-json\/wp\/v2\/pages\/25\/revisions\/262"}],"wp:featuredmedia":[{"embeddable":true,"href":"https:\/\/colibaverde.ro\/kucko\/wp-json\/wp\/v2\/media\/224"}],"wp:attachment":[{"href":"https:\/\/colibaverde.ro\/kucko\/wp-json\/wp\/v2\/media?parent=25"}],"curies":[{"name":"wp","href":"https:\/\/api.w.org\/{rel}","templated":true}]}}