{"id":160,"date":"2019-10-30T18:58:50","date_gmt":"2019-10-30T18:58:50","guid":{"rendered":"http:\/\/colibaverde.ro\/kucko\/?page_id=160"},"modified":"2019-10-30T18:59:51","modified_gmt":"2019-10-30T18:59:51","slug":"erdokert","status":"publish","type":"page","link":"https:\/\/colibaverde.ro\/kucko\/erdokert\/","title":{"rendered":"Erd\u0151kert"},"content":{"rendered":"<p style=\"text-align: center;\"><img loading=\"lazy\" decoding=\"async\" class=\" wp-image-162 alignleft\" src=\"http:\/\/colibaverde.ro\/kucko\/wp-content\/uploads\/sites\/2\/2019\/10\/erd\u0151kert-300x173.jpg\" alt=\"\" width=\"416\" height=\"240\" srcset=\"https:\/\/colibaverde.ro\/kucko\/wp-content\/uploads\/sites\/2\/2019\/10\/erd\u0151kert-300x173.jpg 300w, https:\/\/colibaverde.ro\/kucko\/wp-content\/uploads\/sites\/2\/2019\/10\/erd\u0151kert-768x444.jpg 768w, https:\/\/colibaverde.ro\/kucko\/wp-content\/uploads\/sites\/2\/2019\/10\/erd\u0151kert-640x370.jpg 640w, https:\/\/colibaverde.ro\/kucko\/wp-content\/uploads\/sites\/2\/2019\/10\/erd\u0151kert-230x133.jpg 230w, https:\/\/colibaverde.ro\/kucko\/wp-content\/uploads\/sites\/2\/2019\/10\/erd\u0151kert-350x202.jpg 350w, https:\/\/colibaverde.ro\/kucko\/wp-content\/uploads\/sites\/2\/2019\/10\/erd\u0151kert-480x277.jpg 480w, https:\/\/colibaverde.ro\/kucko\/wp-content\/uploads\/sites\/2\/2019\/10\/erd\u0151kert.jpg 800w\" sizes=\"auto, (max-width: 416px) 100vw, 416px\" \/><em>Az erd\u0151ket \u00e9s a kerteket a legt\u00f6bben k\u00e9t k\u00fcl\u00f6n fogalomk\u00e9nt kezelik, pedig n\u00e9mi kitart\u00f3 munk\u00e1val \u00e9s megfontolt tervez\u00e9ssel e k\u00e9t vil\u00e1g ak\u00e1r \u00f6tv\u00f6zhet\u0151 is egym\u00e1ssal, m\u00e9ghozz\u00e1 egy \u201eerd\u0151kert form\u00e1j\u00e1ban\u201d. T\u00e9ny persze, hogy a kertek \u00e9s az erd\u0151k jelleg\u00fckben nagyon t\u00e1vol \u00e1llnak egym\u00e1st\u00f3l, hiszen a kertekben r\u00e1nk h\u00e1rul a n\u00f6v\u00e9nygondoz\u00e1s felel\u0151ss\u00e9ge, m\u00edg egy erd\u0151ben minden \u201emag\u00e1t\u00f3l\u201d t\u00f6rt\u00e9nik. Azonban e k\u00e9t koncepci\u00f3 kombin\u00e1ci\u00f3j\u00e1val egy olyan \u00f6kosziszt\u00e9m\u00e1t hozhatunk l\u00e9tre, ami egyszerre term\u00e9keny \u00e9s \u00f6nfenntart\u00f3 is. M\u00edg ez az elk\u00e9pzel\u00e9s legink\u00e1bb egy&nbsp;gy\u00fcm\u00f6lcs\u00f6skertre hasonl\u00edt, az erd\u0151kertekben nem csup\u00e1n f\u00e1kkal \u00e9s&nbsp;talajtakar\u00f3 n\u00f6v\u00e9nyekkel tal\u00e1lkozhatunk, hanem sz\u00e1mos egy\u00e9b n\u00f6v\u00e9nnyel is. Mindez el\u0151seg\u00edti, hogy a kert k\u00e9pes legyen \u00f6n\u00e1ll\u00f3an ell\u00e1tni&nbsp;mag\u00e1t.<\/em><\/p>\n<h2>Az erd\u0151kertek m\u0171k\u00f6d\u00e9se<\/h2>\n<p style=\"text-align: center;\">Az erd\u0151kerteket egy nagy, t\u00f6bbnyire \u00e9vel\u0151kb\u0151l \u00e1ll\u00f3 n\u00f6v\u00e9nyk\u00f6z\u00f6ss\u00e9g k\u00e9pezi, amelyek tagjai mind valamilyen kapcsolatban \u00e1llnak egym\u00e1ssal. Ez egy bonyolult, \u00f6sszetett \u00f6kosziszt\u00e9m\u00e1t eredm\u00e9nyez, amely felett a kert\u00e9szeknek nincs akkora hatalmuk, mint egy hagyom\u00e1nyos kert eset\u00e9ben, azonban cser\u00e9be a n\u00f6v\u00e9nyek term\u00e9szetesebb k\u00f6r\u00fclm\u00e9nyek k\u00f6z\u00f6tt bontakozhatnak ki (\u00e9s teremhetnek). Hab\u00e1r ezt a&nbsp;fajta&nbsp;kert\u00e9szked\u00e9st els\u0151 sorban tr\u00f3pusi vid\u00e9keken szok\u00e1s \u0171zni (ugyanis az erd\u0151k k\u00fcl\u00f6nb\u00f6z\u0151 r\u00e9tegeinek rengeteg napf\u00e9nyre van sz\u00fcks\u00e9g\u00fck), az ut\u00f3bbi id\u0151ben a m\u00e9rs\u00e9keltebb ter\u00fcleteken is kezd elterjedni az erd\u0151kertek trendje (n\u00e9mi m\u00f3dos\u00edt\u00e1ssal).<\/p>\n<h2>Az erd\u0151kertek r\u00e9tegei<\/h2>\n<p style=\"text-align: center;\">Az erd\u0151kert\u00e9szked\u00e9s sor\u00e1n az erd\u0151k term\u00e9szetes fel\u00e9p\u00edt\u00e9s\u00e9t pr\u00f3b\u00e1ljuk imit\u00e1lni. Ha belegondolsz, a legt\u00f6bb erd\u0151 t\u00f6bb n\u00f6v\u00e9nyr\u00e9tegb\u0151l \u00e1ll, \u00e9s a k\u00fcl\u00f6nb\u00f6z\u0151 r\u00e9tegeket k\u00e9pvisel\u0151 n\u00f6v\u00e9nyek m\u00e1s \u00e9s m\u00e1s funkci\u00f3kat l\u00e1tnak el a n\u00f6v\u00e9nyk\u00f6z\u00f6ss\u00e9g&nbsp;\u00e9let\u00e9ben. Egy erd\u0151kertet legal\u00e1bb hat r\u00e9tegre oszthatunk:&nbsp;magas f\u00e1k, alacsony f\u00e1k, bokrok, l\u00e1gysz\u00e1r\u00fa\/f\u0171szer\u0171 n\u00f6v\u00e9nyek,&nbsp;talajtakar\u00f3k, \u00e9s gy\u00f6kerek. Ezen k\u00edv\u00fcl k\u00fcl\u00f6n r\u00e9tegnek, vagy ink\u00e1bb kateg\u00f3ri\u00e1nak tekinthetj\u00fck m\u00e9g a gomb\u00e1kat is. Ahogy az ember egyre k\u00f6zelebb ker\u00fcl a tr\u00f3pusi ter\u00fcletekhez, \u00fagy egyre t\u00f6bb r\u00e9teggel tal\u00e1lkozhat az erd\u0151kben (\u00e9s erd\u0151kertekben) \u2013 ilyenek p\u00e9ld\u00e1ul az ind\u00e1k, vagy a p\u00e1lm\u00e1k is. A h\u0171v\u00f6sebb vid\u00e9keken, illetve ahol csak kevesebb hely \u00e1ll rendelkez\u00e9sekre, az ind\u00e1k, p\u00e1lmaf\u00e1k, \u00e9s&nbsp;magas f\u00e1k r\u00e9tegeit \u00e1ltal\u00e1ban el szok\u00e1s hagyni \u2013 erd\u0151kertek legfels\u0151 szintj\u00e9t ilyenkor az alacsonyabb f\u00e1k k\u00e9pezik. Ha csak egy f\u00e1t \u00fcltetn\u00e9nk, k\u00f6r\u00fcl\u00f6tte bokrokkal \u00e9s egy\u00e9b hasznos t\u00e1rsn\u00f6v\u00e9nyekkel, akkor az olyan lenne, mint egy kis&nbsp;csal\u00e1d, k\u00f6z\u00e9pen a \u201ecsal\u00e1df\u0151vel\u201d. Az erd\u0151kert hasonl\u00f3 koncepci\u00f3ra \u00e9p\u00fcl, csak ott t\u00f6bb ilyen \u201ecsal\u00e1d\u201d ker\u00fcl egym\u00e1s mell\u00e9, \u00e9s ezzel egy eg\u00e9sz \u201elak\u00f3k\u00f6z\u00f6ss\u00e9get\u201d alkotnak, ha \u00fagy tetszik.&nbsp;<\/p>\n<h2>Milyen feladatokat l\u00e1tnak el az erd\u0151kertek n\u00f6v\u00e9nyei?<\/h2>\n<p style=\"text-align: center;\">Az erd\u0151kertekbe \u00e1ltal\u00e1ban k\u00fcl\u00f6nf\u00e9le&nbsp;gy\u00fcm\u00f6lcsf\u00e1kat helyez\u00fcnk el, a t\u00f6bbi n\u00f6v\u00e9ny (bokrok, l\u00e1gysz\u00e1r\u00faak,&nbsp;talajtakar\u00f3k) pedig t\u00f6bbnyire ezek t\u00e1mogat\u00e1s\u00e1\u00e9rt felel, illetve sokuknak m\u00e9g sz\u00fcretelhet\u0151 term\u00e9se is van. Min\u00e9l t\u00f6bb funkcion\u00e1lis n\u00f6v\u00e9nyt helyez\u00fcnk el az erd\u0151kertben, ann\u00e1l kevesebb feladatot kell&nbsp;magunkra v\u00e1llalnunk. Ilyen feladatok p\u00e9ld\u00e1ul: a nitrog\u00e9n megk\u00f6t\u00e9se a&nbsp;leveg\u0151b\u0151l a k\u00f6rnyez\u0151 n\u00f6v\u00e9nyek gy\u00f6kerei sz\u00e1m\u00e1ra, t\u00e1panyagok \u00f6sszegy\u0171jt\u00e9se a&nbsp;talaj&nbsp;m\u00e9ly\u00e9r\u0151l, \u00e9s azok felsz\u00ednre hoz\u00e1sa, hasznos rovarok bevonz\u00e1sa \u00e9s k\u00e1rtev\u0151k t\u00e1voltart\u00e1sa, \u00e1rny\u00e9k biztos\u00edt\u00e1sa a&nbsp;talaj&nbsp;\u00e9s \u00faj pal\u00e1nt\u00e1k sz\u00e1m\u00e1ra. Term\u00e9szetesen fontos feladatnak tekinthetj\u00fck azt is, hogy ezek a n\u00f6v\u00e9nyek term\u00e9seket is k\u00edn\u00e1lnak nek\u00fcnk.<\/p>\n<h2>Milyen n\u00f6v\u00e9nyeket v\u00e1lasszunk egy erd\u0151kertbe?<\/h2>\n<p style=\"text-align: center;\">Az erd\u0151kerteket javar\u00e9szt \u00e9vel\u0151, vagy maghullat\u00f3 n\u00f6v\u00e9nyek alkotj\u00e1k, puszt\u00e1n az\u00e9rt, hogy ne kelljen minden \u00e9vben \u00fajra\u00fcltetni az eg\u00e9sz erd\u0151t. Term\u00e9szetesen akadhatnak k\u00f6zt\u00fck egyny\u00e1riak is att\u00f3l f\u00fcgg\u0151en, hogy mennyi id\u0151t sz\u00e1nn\u00e1l \u00e9vente az \u00fajra\u00fcltet\u00e9sre. \u00c9rdemes gy\u00fcm\u00f6lcsf\u00e1kkal kezdeni. Ha kisebb ter\u00fclet \u00e1ll rendelkez\u00e9sedre, akkor v\u00e1lassz f\u00e9lt\u00f6rpe v\u00e1ltozatokat. Ezeket aj\u00e1nlott v\u00e1lasztani a kisebb t\u00f6rpe f\u00e1kkal szemben, amelyek kisebb gy\u00f6k\u00e9rzet\u00fck miatt \u00e9rz\u00e9kenyebbek. Remek jel\u00f6lt erre a nad\u00e1lyt\u0151, a csal\u00e1n, \u00e9s a k\u00f6z\u00f6ns\u00e9ges cickafark is. Az erd\u0151kertek egyik h\u00e1tr\u00e1nya \u00e9s sz\u00e9ps\u00e9ge is egyben, hogy nem lehet pontosan megj\u00f3solni, hogy hogyan is j\u00f6nnek majd ki egym\u00e1ssal a \u201ecsal\u00e1dtagok\u201d \u00e9s az \u00f6sszes \u201elak\u00f3t\u00e1rs\u201d. Mivel minden erd\u0151kert egyedi, \u00edgy a te feladatod lesz kitapasztalni, hogy mi m\u0171k\u00f6dik, mi nem, \u00e9s hogy mely kombin\u00e1ci\u00f3k el\u00e9g\u00edtik ki kert\u00e9szeti ig\u00e9nyeidet \u00fagy, hogy k\u00f6zben saj\u00e1t maguk ell\u00e1t\u00e1s\u00e1r\u00f3l is gondoskodnak. A nitrog\u00e9nmegk\u00f6t\u0151k a k\u00f6vetkez\u0151 legfontosabb \u00e9s leggyakoribb funkcion\u00e1lis csoport. \u00c1ltal\u00e1ban egy erd\u0151kert 25%-\u00e1t ilyen n\u00f6v\u00e9nyek szokt\u00e1k alkotni. Ezek lehetnek f\u00e1k (p\u00e9ld\u00e1ul j\u00fad\u00e1sfa vagy feh\u00e9r ak\u00e1c),&nbsp;vir\u00e1gz\u00f3 n\u00f6v\u00e9nyek (\u00fagymint csillagf\u00fcrt vagy szagos b\u00fckk\u00f6ny), talajtakar\u00f3k (here vagy b\u00fckk\u00f6ny), ehet\u0151 term\u00e9s\u0171 bokrok (somterm\u00e9s\u0171 ez\u00fcstfa), vagy ak\u00e1r olyan n\u00f6v\u00e9nyek is, amelyek j\u00f3ban vannak k\u00fcl\u00f6nf\u00e9le nitrog\u00e9n-megk\u00f6t\u0151&nbsp;bakt\u00e9riumokkal. Vannak n\u00f6v\u00e9nyek, amelyek remek\u00fcl alkalmasak arra, hogy \u00f6sszeszedj\u00e9k a talaj t\u00e1panyagait, majd leveleik elhullajt\u00e1s\u00e1val (vagy a gy\u00f6kerek elhal\u00e1s\u00e1val) visszaforgass\u00e1k azt a talaj&nbsp;magasabb r\u00e9tegeibe.<\/p>\n<p>&nbsp;<\/p>\n<p style=\"text-align: right;\"><em>A fenti le\u00edr\u00e1st az <a href=\"https:\/\/www.agraroldal.hu\"><strong>agraroldal.hu<\/strong><\/a> weboldalon tal\u00e1ltuk!<\/em><\/p>\n<p>&nbsp;<\/p>\n<h2><strong>A \u201eZ\u00f6ld Kuck\u00f3\u201d erd\u0151kertje :&nbsp;<\/strong><\/h2>\n<p style=\"text-align: center;\">2016 \u00f3ta igyeksz\u00fcnk saj\u00e1t erd\u0151kert\u00fcnket megval\u00f3s\u00edtani. H\u00f3ssz\u00fa, \u00e9veken \u00e1t h\u00fazod\u00f3 folyamat,&nbsp; de igy is, \u00e9vr\u0151l \u00e9vre l\u00e1tszik munk\u00e1nk eredm\u00e9nye. M\u00e9g sok munka van de addig is pr\u00f3b\u00e1lkozunk a k\u00f6rny\u00e9k eg\u00e9szs\u00e9ges \u00e9lelmeit begy\u00fcjteni. Nem csak magunknak hanem azok sz\u00e1m\u00e1ra akiknek nincs erre lehet\u0151s\u00e9get. Ennek \u00e9rdek\u00e9ben egy <a href=\"http:\/\/colibaverde.ro\/kucko\/erdo-kerti-izek\/\"><em><strong>\u201eErd\u0151 Kerti \u00edzek\u201d<\/strong><\/em><\/a> nev\u0171 kezdem\u00e9nyez\u00e9st inditottunk. De err\u0151l k\u00fcl\u00f6n le\u00edr\u00e1s van. \ud83d\ude42<\/p>\n<!-- AddThis Advanced Settings generic via filter on the_content --><!-- AddThis Share Buttons generic via filter on the_content -->","protected":false},"excerpt":{"rendered":"<p>Az erd\u0151ket \u00e9s a kerteket a legt\u00f6bben k\u00e9t k\u00fcl\u00f6n fogalomk\u00e9nt kezelik, pedig n\u00e9mi kitart\u00f3 munk\u00e1val \u00e9s megfontolt tervez\u00e9ssel e k\u00e9t vil\u00e1g ak\u00e1r \u00f6tv\u00f6zhet\u0151 is egym\u00e1ssal, m\u00e9ghozz\u00e1 egy \u201eerd\u0151kert form\u00e1j\u00e1ban\u201d. T\u00e9ny persze, hogy a kertek \u00e9s az erd\u0151k jelleg\u00fckben nagyon t\u00e1vol \u00e1llnak egym\u00e1st\u00f3l, hiszen a kertekben r\u00e1nk h\u00e1rul a n\u00f6v\u00e9nygondoz\u00e1s felel\u0151ss\u00e9ge, m\u00edg egy erd\u0151ben minden \u201emag\u00e1t\u00f3l\u201d t\u00f6rt\u00e9nik. Azonban e k\u00e9t koncepci\u00f3<\/p>\n<p><a class=\"more-link\" href=\"https:\/\/colibaverde.ro\/kucko\/erdokert\/\">Read More<\/a><!-- AddThis Advanced Settings generic via filter on get_the_excerpt --><!-- AddThis Share Buttons generic via filter on get_the_excerpt --><\/p>\n","protected":false},"author":1,"featured_media":161,"parent":0,"menu_order":0,"comment_status":"closed","ping_status":"closed","template":"","meta":{"ngg_post_thumbnail":0,"footnotes":""},"class_list":["post-160","page","type-page","status-publish","has-post-thumbnail","hentry"],"jetpack_sharing_enabled":true,"_links":{"self":[{"href":"https:\/\/colibaverde.ro\/kucko\/wp-json\/wp\/v2\/pages\/160","targetHints":{"allow":["GET"]}}],"collection":[{"href":"https:\/\/colibaverde.ro\/kucko\/wp-json\/wp\/v2\/pages"}],"about":[{"href":"https:\/\/colibaverde.ro\/kucko\/wp-json\/wp\/v2\/types\/page"}],"author":[{"embeddable":true,"href":"https:\/\/colibaverde.ro\/kucko\/wp-json\/wp\/v2\/users\/1"}],"replies":[{"embeddable":true,"href":"https:\/\/colibaverde.ro\/kucko\/wp-json\/wp\/v2\/comments?post=160"}],"version-history":[{"count":1,"href":"https:\/\/colibaverde.ro\/kucko\/wp-json\/wp\/v2\/pages\/160\/revisions"}],"predecessor-version":[{"id":163,"href":"https:\/\/colibaverde.ro\/kucko\/wp-json\/wp\/v2\/pages\/160\/revisions\/163"}],"wp:featuredmedia":[{"embeddable":true,"href":"https:\/\/colibaverde.ro\/kucko\/wp-json\/wp\/v2\/media\/161"}],"wp:attachment":[{"href":"https:\/\/colibaverde.ro\/kucko\/wp-json\/wp\/v2\/media?parent=160"}],"curies":[{"name":"wp","href":"https:\/\/api.w.org\/{rel}","templated":true}]}}