{"id":142,"date":"2019-10-22T21:30:05","date_gmt":"2019-10-22T21:30:05","guid":{"rendered":"http:\/\/colibaverde.ro\/kucko\/?page_id=142"},"modified":"2019-10-30T19:03:20","modified_gmt":"2019-10-30T19:03:20","slug":"erdo-kerti-izek","status":"publish","type":"page","link":"https:\/\/colibaverde.ro\/kucko\/erdo-kerti-izek\/","title":{"rendered":"Erd\u0151-Kerti \u00edzek"},"content":{"rendered":"<p style=\"text-align: center;\"><strong>2019 \u0151sz\u00e9n ind\u00edtottuk ezt a kezdem\u00e9nyez\u00e9s<\/strong>t amelynek az a c\u00e9lja, hogy az elfoglalt, v\u00e1roson \u00e9l\u0151 emberekhez, csal\u00e1dokhoz eljutassuk a term\u00e9szet azon aj\u00e1nd\u00e9kait ,amelyek t\u00e1pl\u00e1lnak, sz\u00e9p\u00edtenek \u00e9s eg\u00e9szs\u00e9gesen tartanak. Betakaritjuk, beszerezz\u00fck \u00e9s elvissz\u00fck vagy betakaritjuk, elk\u00e9sz\u00edtj\u00fck \u00e9s elvissz\u00fck nektek. A kezdem\u00e9nyez\u00e9s nev\u00e9nek kiv\u00e1laszt\u00e1sa nem v\u00e9letlen. Ismeritek az <a href=\"http:\/\/colibaverde.ro\/kucko\/erdokert\/\"><em><strong>ERD\u0150KERT<\/strong><\/em><\/a>(-et) kifejez\u00e9st?<\/p>\n<p style=\"text-align: left;\"><strong>Hogy mik is ezek?<\/strong><\/p>\n<p style=\"text-align: center;\">&nbsp;Els\u0151 sorban az \u00e9vszaknak megfelel\u0151 term\u00e9sek, term\u00e9kek. Legink\u00e1bb \u00e9lelem de ak\u00e1r k\u00e9zzel, otthon gy\u00e1rtott t\u00e1rgyak is lehetnek, amennyiben lehet, vegyszer mentesen. Erdei gy\u00fcm\u00f6lcs\u00f6k, n\u00f6v\u00e9nyek (\u00e1fonya, szeder, medvehagyma, gomba, stb..), kerti z\u00f6lds\u00e9gek, gy\u00fcm\u00f6lcs\u00f6k (hagyma, fokhagyma, s\u00e1rga r\u00e9pa (murok), krumpli, barack, di\u00f3, alma, stb vagy ezekb\u0151l k\u00e9sz\u00fclt finoms\u00e1gok : lekv\u00e1r, zakuszka, savany\u00fas\u00e1gok, stb. Ugyanakkor gy\u00f3gyn\u00f6v\u00e9nyeket, teaf\u0171veket, gomb\u00e1kat gy\u00fcjthet\u00fcnk. De az\u00e9rt nem hagyn\u00e1nk ki a k\u00edn\u00e1latb\u00f3l olyan \u00edzeket sem, mint amilyen a sajtnak, m\u00e9znek, kemenc\u00e9ben s\u00fclt keny\u00e9rnek vagy kal\u00e1csnak, de ak\u00e1r egy kis bornak van.<\/p>\n<p style=\"text-align: left;\"><strong>Honnan sz\u00e1rmaznak a term\u00e9kek?<\/strong><\/p>\n<p style=\"text-align: center;\">A Fels\u0151 Kisk\u00fck\u00fcll\u0151 menti kis falvak kertjeib\u0151l (Szolokma, Kib\u00e9d, Abod, S\u00f3v\u00e1rad, Makfalva, stb.) illetve erdeib\u0151l, mez\u0151ib\u0151l.&nbsp;<\/p>\n<p style=\"text-align: right;\"><span style=\"color: #ff0000;\"><em>Szeretn\u00e9d term\u00e9keidet v\u00e1rosra juttatni? \u00cdrj\u00e1l nek\u00fcnk a&nbsp;<\/em><\/span><\/p>\n<p style=\"text-align: right;\"><em><span style=\"color: #ff0000;\"><strong>contact@colibaverde.ro<\/strong> e-mail c\u00edmre<\/span><\/em><span style=\"color: #ff0000;\">!<\/span><\/p>\n<p style=\"text-align: left;\"><strong>Mi\u00e9rt kellene ezekb\u0151l v\u00e1lasztani?<\/strong><\/p>\n<p style=\"text-align: center;\">El\u0151sz\u00f6r is, mert igyeksz\u00fcnk, amennyiben lehet, csakis vegyszermentes, tart\u00f3s\u00edt\u00f3szer n\u00e9lk\u00fcli t\u00e1pl\u00e1l\u00e9kot beszerezni \u00e9s elvinni nektek. M\u00e1sod sorban \u00edgy t\u00e1mogatn\u00e1d a kis falvakban \u00e9l\u0151 csal\u00e1dokat.<\/p>\n<p style=\"text-align: left;\"><strong>Hova \u00e9s mikor vissz\u00fck?<\/strong><\/p>\n<p style=\"text-align: center;\">Csakis a k\u00f6rny\u00e9kbeli kis \u00e9s nagy v\u00e1rosokba : Marosv\u00e1s\u00e1rhely, Sz\u00e1szr\u00e9gen, Sz\u00e9kelyudvarhely, Segesv\u00e1r, Ny\u00e1r\u00e1dszereda, Erd\u0151szentgy\u0151rgy,Szov\u00e1ta, Dics\u0151szentm\u00e1rton. Az id\u0151pontokat igaz\u00edtanunk kell majd az ig\u00e9nyekhez de val\u00f3sz\u00edn\u0171 minden helys\u00e9gnek sz\u00e1nunk egy-egy napot. A term\u00e9keket h\u00e1zhoz sz\u00e1llitjuk.<\/p>\n<p style=\"text-align: left;\"><strong>Hogyan egyeztet\u00fcnk, kommunik\u00e1lunk?<\/strong><\/p>\n<p style=\"text-align: center;\">E-mailben, telefonon, <a href=\"https:\/\/web.facebook.com\/erdokertiizek\/\" target=\"_blank\" rel=\"noopener noreferrer\"><em><strong>Facebook oldalon<\/strong><\/em><\/a> vagy Messengeren.<\/p>\n<p style=\"text-align: center;\"><span style=\"color: #000000;\">&nbsp;<\/span><\/p>\n\n\n<div class=\"wp-block-image\"><figure class=\"aligncenter is-resized\"><img loading=\"lazy\" decoding=\"async\" src=\"http:\/\/colibaverde.ro\/kucko\/wp-content\/uploads\/sites\/2\/2019\/10\/erdokertiizek-1024x576.jpg\" alt=\"\" class=\"wp-image-147\" width=\"572\" height=\"321\" srcset=\"https:\/\/colibaverde.ro\/kucko\/wp-content\/uploads\/sites\/2\/2019\/10\/erdokertiizek-1024x576.jpg 1024w, https:\/\/colibaverde.ro\/kucko\/wp-content\/uploads\/sites\/2\/2019\/10\/erdokertiizek-300x169.jpg 300w, https:\/\/colibaverde.ro\/kucko\/wp-content\/uploads\/sites\/2\/2019\/10\/erdokertiizek-768x432.jpg 768w, https:\/\/colibaverde.ro\/kucko\/wp-content\/uploads\/sites\/2\/2019\/10\/erdokertiizek-640x360.jpg 640w, https:\/\/colibaverde.ro\/kucko\/wp-content\/uploads\/sites\/2\/2019\/10\/erdokertiizek-830x467.jpg 830w, https:\/\/colibaverde.ro\/kucko\/wp-content\/uploads\/sites\/2\/2019\/10\/erdokertiizek-230x129.jpg 230w, https:\/\/colibaverde.ro\/kucko\/wp-content\/uploads\/sites\/2\/2019\/10\/erdokertiizek-350x197.jpg 350w, https:\/\/colibaverde.ro\/kucko\/wp-content\/uploads\/sites\/2\/2019\/10\/erdokertiizek-480x270.jpg 480w, https:\/\/colibaverde.ro\/kucko\/wp-content\/uploads\/sites\/2\/2019\/10\/erdokertiizek.jpg 1080w\" sizes=\"auto, (max-width: 572px) 100vw, 572px\" \/><figcaption>A k\u00e9p csak illusztr\u00e1ci\u00f3<\/figcaption><\/figure><\/div>\n<!-- AddThis Advanced Settings generic via filter on the_content --><!-- AddThis Share Buttons generic via filter on the_content -->","protected":false},"excerpt":{"rendered":"<p>2019 \u0151sz\u00e9n ind\u00edtottuk ezt a kezdem\u00e9nyez\u00e9st amelynek az a c\u00e9lja, hogy az elfoglalt, v\u00e1roson \u00e9l\u0151 emberekhez, csal\u00e1dokhoz eljutassuk a term\u00e9szet azon aj\u00e1nd\u00e9kait ,amelyek t\u00e1pl\u00e1lnak, sz\u00e9p\u00edtenek \u00e9s eg\u00e9szs\u00e9gesen tartanak. Betakaritjuk, beszerezz\u00fck \u00e9s elvissz\u00fck vagy betakaritjuk, elk\u00e9sz\u00edtj\u00fck \u00e9s elvissz\u00fck nektek. A kezdem\u00e9nyez\u00e9s nev\u00e9nek kiv\u00e1laszt\u00e1sa nem v\u00e9letlen. Ismeritek az ERD\u0150KERT(-et) kifejez\u00e9st? Hogy mik is ezek? &nbsp;Els\u0151 sorban az \u00e9vszaknak megfelel\u0151 term\u00e9sek, term\u00e9kek. Legink\u00e1bb<\/p>\n<p><a class=\"more-link\" href=\"https:\/\/colibaverde.ro\/kucko\/erdo-kerti-izek\/\">Read More<\/a><!-- AddThis Advanced Settings generic via filter on get_the_excerpt --><!-- AddThis Share Buttons generic via filter on get_the_excerpt --><\/p>\n","protected":false},"author":1,"featured_media":146,"parent":0,"menu_order":0,"comment_status":"closed","ping_status":"closed","template":"","meta":{"ngg_post_thumbnail":0,"footnotes":""},"class_list":["post-142","page","type-page","status-publish","has-post-thumbnail","hentry"],"jetpack_sharing_enabled":true,"_links":{"self":[{"href":"https:\/\/colibaverde.ro\/kucko\/wp-json\/wp\/v2\/pages\/142","targetHints":{"allow":["GET"]}}],"collection":[{"href":"https:\/\/colibaverde.ro\/kucko\/wp-json\/wp\/v2\/pages"}],"about":[{"href":"https:\/\/colibaverde.ro\/kucko\/wp-json\/wp\/v2\/types\/page"}],"author":[{"embeddable":true,"href":"https:\/\/colibaverde.ro\/kucko\/wp-json\/wp\/v2\/users\/1"}],"replies":[{"embeddable":true,"href":"https:\/\/colibaverde.ro\/kucko\/wp-json\/wp\/v2\/comments?post=142"}],"version-history":[{"count":6,"href":"https:\/\/colibaverde.ro\/kucko\/wp-json\/wp\/v2\/pages\/142\/revisions"}],"predecessor-version":[{"id":165,"href":"https:\/\/colibaverde.ro\/kucko\/wp-json\/wp\/v2\/pages\/142\/revisions\/165"}],"wp:featuredmedia":[{"embeddable":true,"href":"https:\/\/colibaverde.ro\/kucko\/wp-json\/wp\/v2\/media\/146"}],"wp:attachment":[{"href":"https:\/\/colibaverde.ro\/kucko\/wp-json\/wp\/v2\/media?parent=142"}],"curies":[{"name":"wp","href":"https:\/\/api.w.org\/{rel}","templated":true}]}}